{"id":2,"date":"2020-05-15T20:52:43","date_gmt":"2020-05-15T18:52:43","guid":{"rendered":"https:\/\/www.chiarini.it\/blog\/?page_id=2"},"modified":"2023-03-08T08:39:40","modified_gmt":"2023-03-08T07:39:40","slug":"autori","status":"publish","type":"page","link":"https:\/\/www.chiarini.it\/blog\/autori\/","title":{"rendered":"Autori"},"content":{"rendered":"<p>[et_pb_section fb_built=&#8221;1&#8243; admin_label=&#8221;section&#8221; _builder_version=&#8221;4.16&#8243; global_colors_info=&#8221;{}&#8221;][et_pb_row _builder_version=&#8221;4.17.4&#8243; _module_preset=&#8221;default&#8221; global_colors_info=&#8221;{}&#8221;][et_pb_column type=&#8221;4_4&#8243; _builder_version=&#8221;4.17.4&#8243; _module_preset=&#8221;default&#8221; global_colors_info=&#8221;{}&#8221;][et_pb_team_member name=&#8221;Andrea Chiarini&#8221; position=&#8221;Curatore del Blog e principale autore&#8221; image_url=&#8221;https:\/\/www.chiarini.it\/blog\/wp-content\/uploads\/2020\/05\/AndreaChiarini-rotated.jpg&#8221; _builder_version=&#8221;4.17.4&#8243; _module_preset=&#8221;default&#8221; header_level=&#8221;h2&#8243; border_radii_image=&#8221;on|5px|5px|5px|5px&#8221; box_shadow_style_image=&#8221;preset1&#8243; global_colors_info=&#8221;{}&#8221;]<\/p>\n<p>Docente universitario presso l&#8217;Universit\u00e0 di Verona e l&#8217;Universit\u00e0 Bocconi. Senior partner Chiarini &amp; Associati e consulente e formatore di direzione in moltissime realt\u00e0 industriali e della PA italiana. E&#8217; stato visiting all&#8217;Universit\u00e0 di Cardiff -UK, e all&#8217;Universit\u00e0 di Cambridge &#8211; UK. Autore di numerosi testi ed articoli internazionali di management. E&#8217; associate editor della prestigiosa rivista Wiley &#8211; Business Strategy and the Environment, oltre ad essere nell&#8217;editorial board di altre riviste internazionali quali Production Planning &amp; Control, International Journal of Lean Six Sigma, The TQM Journal. Senior member dell&#8217;American Society for Quality.<\/p>\n<p>[\/et_pb_team_member][\/et_pb_column][\/et_pb_row][et_pb_row _builder_version=&#8221;4.17.4&#8243; _module_preset=&#8221;default&#8221; global_colors_info=&#8221;{}&#8221;][et_pb_column type=&#8221;4_4&#8243; _builder_version=&#8221;4.17.4&#8243; _module_preset=&#8221;default&#8221; global_colors_info=&#8221;{}&#8221;][et_pb_text _builder_version=&#8221;4.17.4&#8243; _module_preset=&#8221;default&#8221; global_colors_info=&#8221;{}&#8221;]<\/p>\n<h4>Ospiti del Blog<\/h4>\n<p>[\/et_pb_text][\/et_pb_column][\/et_pb_row][et_pb_row _builder_version=&#8221;4.17.4&#8243; _module_preset=&#8221;default&#8221; global_colors_info=&#8221;{}&#8221;][et_pb_column type=&#8221;4_4&#8243; _builder_version=&#8221;4.17.4&#8243; _module_preset=&#8221;default&#8221; global_colors_info=&#8221;{}&#8221;][et_pb_team_member name=&#8221;Rosita Naliato&#8221; position=&#8221;Imprenditrice e Managing Director Chiarini &#038; Associati&#8221; image_url=&#8221;https:\/\/www.chiarini.it\/blog\/wp-content\/uploads\/2020\/05\/RositaNaliato.jpg&#8221; _builder_version=&#8221;4.17.4&#8243; _module_preset=&#8221;default&#8221; border_radii_image=&#8221;on|5px|5px|5px|5px&#8221; box_shadow_style_image=&#8221;preset1&#8243; locked=&#8221;off&#8221; global_colors_info=&#8221;{}&#8221;]<\/p>\n<p><span>Consulente e formatore di direzione con particolare specializzazione sui temi ESG, CSR, normazione ISO, Dlgs 231 e Lean Office. Docente a contratto presso l\u2019Universit\u00e0 di Ferrara. Alcune aziende con le quali ha collaborato: Anas, ASL Bologna, Comune di Firenze, Comune di Ferrara, Comuni di Formigine e Maranello, Provincia di Forl\u00ec e Cesena, Donaldson, For, LyondellBasell<\/span><\/p>\n<p>[\/et_pb_team_member][et_pb_team_member name=&#8221;Christian Marin&#8221; position=&#8221;Ex responsabile commerciale Chiarini &#038; Associati&#8221; image_url=&#8221;https:\/\/www.chiarini.it\/blog\/wp-content\/uploads\/2020\/07\/Christian.jpg&#8221; _builder_version=&#8221;4.17.4&#8243; _module_preset=&#8221;default&#8221; border_radii_image=&#8221;on|5px|5px|5px|5px&#8221; box_shadow_style_image=&#8221;preset1&#8243; locked=&#8221;off&#8221; global_colors_info=&#8221;{}&#8221;]<\/p>\n<p><span>Dopo esperienze in varie aziende manifatturiere come responsabile della produzione \u00e8 entrato a far parte del team C&amp;A occupandosi di progetti Lean, e poi degli aspetti commerciali e comunicativi della societ\u00e0. Non pi\u00f9 in Chiarini &amp; Associati, collabora comunque con la nostra societ\u00e0 prevalentemente sui temi Industry 4.0<\/span><\/p>\n<p>[\/et_pb_team_member][et_pb_team_member name=&#8221;Veronica Venturi&#8221; position=&#8221;Responsabile della formazione in Chiarini &#038; Associati&#8221; image_url=&#8221;https:\/\/www.chiarini.it\/blog\/wp-content\/uploads\/2020\/06\/foto_veronica.jpg&#8221; _builder_version=&#8221;4.17.4&#8243; _module_preset=&#8221;default&#8221; border_radii_image=&#8221;on|5px|5px|5px|5px&#8221; box_shadow_style_image=&#8221;preset1&#8243; locked=&#8221;off&#8221; global_colors_info=&#8221;{}&#8221;]<\/p>\n<p><span>Responsabile della formazione in Chiarini &amp; Associati con specializzazione sui finanziamenti per le imprese. Ha seguito progetti fino a 100 mila euro per multinazionali e PMI<\/span><\/p>\n<p>[\/et_pb_team_member][et_pb_team_member name=&#8221;Pierfilippo Tebaldi&#8221; position=&#8221;Specializzato in Psicologia del lavoro e delle Organizzazioni, Lean Manufacturing e Lean Office&#8221; image_url=&#8221;https:\/\/www.chiarini.it\/blog\/wp-content\/uploads\/2020\/05\/Teo.png&#8221; _builder_version=&#8221;4.17.4&#8243; _module_preset=&#8221;default&#8221; border_radii_image=&#8221;on|5px|5px|5px|5px&#8221; box_shadow_style_image=&#8221;preset1&#8243; locked=&#8221;off&#8221; global_colors_info=&#8221;{}&#8221;]<\/p>\n<p><span>Dal 1999 collabora con numerose aziende italiane e europee come consulente di direzione; tra le tematiche caratterizzanti i suoi interventi ci sono l\u2019HR &amp; Change Management, HR Lean setup and committment, il Customer Care e la Customer Experience, il Marketing sovversivo e la vendita emotiva. Alcune aziende con le quali ha collaborato: TIM, Snam, McDonald\u2019s, Decathlon, Poste Italiane, Lidl, Esselunga<\/span><\/p>\n<p>[\/et_pb_team_member][et_pb_team_member name=&#8221;Fabio Barbini&#8221; image_url=&#8221;https:\/\/www.chiarini.it\/blog\/wp-content\/uploads\/2020\/06\/Barbini.jpg&#8221; _builder_version=&#8221;4.17.4&#8243; _module_preset=&#8221;default&#8221; border_radii_image=&#8221;on|5px|5px|5px|5px&#8221; box_shadow_style_image=&#8221;preset1&#8243; locked=&#8221;off&#8221; global_colors_info=&#8221;{}&#8221;]<\/p>\n<p><span>Ha oltre trenta anni di esperienza maturati come\u00a0Senior Project Manager, Program Manager, PMO Manager e Consulente\/Docente di Project Management.\u00a0\u00a0Ha la qualifica Professionale ASSIREP.\u00a0E\u2019 direttore scientifico e docente di alcuni master in Project Management<\/span><\/p>\n<p>[\/et_pb_team_member][et_pb_team_member name=&#8221;Stefano Brusa&#8221; position=&#8221;Consulente e formatore sui temi Lean e Design Management&#8221; image_url=&#8221;https:\/\/www.chiarini.it\/blog\/wp-content\/uploads\/2020\/07\/Stefano_Brusa.jpg&#8221; _builder_version=&#8221;4.17.4&#8243; _module_preset=&#8221;default&#8221; border_radii_image=&#8221;on|5px|5px|5px|5px&#8221; box_shadow_style_image=&#8221;preset1&#8243; locked=&#8221;off&#8221; global_colors_info=&#8221;{}&#8221;]<\/p>\n<p><span>Ha gestito centinaia di workshop kaizen in realt\u00e0 sia manifatturiere sia dei servizi, accompagnando le aziende verso percorsi completi di Lean transformation e di Design Management<\/span><\/p>\n<p>[\/et_pb_team_member][et_pb_team_member name=&#8221;Ivan Marani&#8221; position=&#8221;Consulente e formatore sui temi Lean&#8221; image_url=&#8221;data:image\/svg+xml;base64,PHN2ZyB3aWR0aD0iNTAwIiBoZWlnaHQ9IjUwMCIgdmlld0JveD0iMCAwIDUwMCA1MDAiIHhtbG5zPSJodHRwOi8vd3d3LnczLm9yZy8yMDAwL3N2ZyI+CiAgICA8ZyBmaWxsPSJub25lIiBmaWxsLXJ1bGU9ImV2ZW5vZGQiPgogICAgICAgIDxwYXRoIGZpbGw9IiNFQkVCRUIiIGQ9Ik0wIDBoNTAwdjUwMEgweiIvPgogICAgICAgIDxyZWN0IGZpbGwtb3BhY2l0eT0iLjEiIGZpbGw9IiMwMDAiIHg9IjY4IiB5PSIzMDUiIHdpZHRoPSIzNjQiIGhlaWdodD0iNTY4IiByeD0iMTgyIi8+CiAgICAgICAgPGNpcmNsZSBmaWxsLW9wYWNpdHk9Ii4xIiBmaWxsPSIjMDAwIiBjeD0iMjQ5IiBjeT0iMTcyIiByPSIxMDAiLz4KICAgIDwvZz4KPC9zdmc+Cg==&#8221; _builder_version=&#8221;4.17.4&#8243; _module_preset=&#8221;default&#8221; border_radii_image=&#8221;on|5px|5px|5px|5px&#8221; box_shadow_style_image=&#8221;preset1&#8243; global_colors_info=&#8221;{}&#8221;]<\/p>\n<p><span>Ha gestito centinaia di workshop kaizen in realt\u00e0 sia manifatturiere sia dei servizi, accompagnando le aziende verso percorsi completi di Lean transformation<\/span><\/p>\n<p>[\/et_pb_team_member][\/et_pb_column][\/et_pb_row][\/et_pb_section]<\/p>\n","protected":false},"excerpt":{"rendered":"<p>Docente universitario presso l&#8217;Universit\u00e0 di Verona e l&#8217;Universit\u00e0 Bocconi. Senior partner Chiarini &amp; Associati e consulente e formatore di direzione in moltissime realt\u00e0 industriali e della PA italiana. E&#8217; stato visiting all&#8217;Universit\u00e0 di Cardiff -UK, e all&#8217;Universit\u00e0 di Cambridge &#8211; UK. Autore di numerosi testi ed articoli internazionali di management. E&#8217; associate editor della prestigiosa [&hellip;]<\/p>\n","protected":false},"author":2,"featured_media":0,"parent":0,"menu_order":0,"comment_status":"closed","ping_status":"closed","template":"","meta":{"_et_pb_use_builder":"on","_et_pb_old_content":"<!-- wp:group -->\n<div class=\"wp-block-group\"><\/div>\n<!-- \/wp:group -->\n\n<!-- wp:columns -->\n<div class=\"wp-block-columns\"><!-- wp:column {\"width\":\"33.33%\"} -->\n<div class=\"wp-block-column\" style=\"flex-basis:33.33%\"><!-- wp:image {\"id\":119,\"sizeSlug\":\"large\"} -->\n<figure class=\"wp-block-image size-large\"><img src=\"https:\/\/www.chiarini.it\/blog\/wp-content\/uploads\/2020\/05\/AndreaChiarini-rotated.jpg\" alt=\"\" class=\"wp-image-119\"\/><\/figure>\n<!-- \/wp:image --><\/div>\n<!-- \/wp:column -->\n\n<!-- wp:column {\"width\":\"66.66%\"} -->\n<div class=\"wp-block-column\" style=\"flex-basis:66.66%\"><!-- wp:paragraph -->\n<p><strong>Andrea Chiarini - Curatore del Blog e principale autore<\/strong><br>Docente universitario presso l'Universit\u00e0 di Verona e l'Universit\u00e0 Bocconi. Senior partner Chiarini &amp; Associati e consulente e formatore di direzione in moltissime realt\u00e0 industriali e della PA italiana. E' stato visiting all'Universit\u00e0 di Cardiff -UK, e all'Universit\u00e0 di Cambridge - UK. Autore di numerosi testi ed articoli internazionali di management. E' associate editor della prestigiosa rivista Wiley - Business Strategy and the Environment, oltre ad essere nell'editorial board di altre riviste internazionali quali Production Planning &amp;  Control, International Journal of Lean Six Sigma, The TQM Journal.  Senior member dell'American Society for Quality  <\/p>\n<!-- \/wp:paragraph --><\/div>\n<!-- \/wp:column --><\/div>\n<!-- \/wp:columns -->\n\n<!-- wp:paragraph -->\n<p><strong>Ospiti del Blog <\/strong><\/p>\n<!-- \/wp:paragraph -->\n\n<!-- wp:columns -->\n<div class=\"wp-block-columns\"><!-- wp:column {\"width\":\"33.33%\"} -->\n<div class=\"wp-block-column\" style=\"flex-basis:33.33%\"><!-- wp:image {\"id\":122,\"sizeSlug\":\"large\"} -->\n<figure class=\"wp-block-image size-large\"><img src=\"https:\/\/www.chiarini.it\/blog\/wp-content\/uploads\/2020\/05\/RositaNaliato.jpg\" alt=\"\" class=\"wp-image-122\"\/><\/figure>\n<!-- \/wp:image --><\/div>\n<!-- \/wp:column -->\n\n<!-- wp:column {\"width\":\"66.66%\"} -->\n<div class=\"wp-block-column\" style=\"flex-basis:66.66%\"><!-- wp:paragraph -->\n<p><strong>Rosita Naliato<\/strong><br>Imprenditrice e Managing Director Chiarini &amp; Associati. Consulente e formatore di direzione con particolare specializzazione sui temi ESG, CSR, normazione ISO, Dlgs 231 e Lean Office. Docente a contratto presso l'Universit\u00e0 di Ferrara. Alcune aziende con le quali ha collaborato: Anas, ASL Bologna, Comune di Firenze, Comune di Ferrara, Comuni di Formigine e Maranello, Provincia di Forl\u00ec e Cesena, Donaldson, For, LyondellBasell  <\/p>\n<!-- \/wp:paragraph --><\/div>\n<!-- \/wp:column --><\/div>\n<!-- \/wp:columns -->\n\n<!-- wp:columns -->\n<div class=\"wp-block-columns\"><!-- wp:column {\"width\":\"33.33%\"} -->\n<div class=\"wp-block-column\" style=\"flex-basis:33.33%\"><!-- wp:image {\"id\":240,\"sizeSlug\":\"large\"} -->\n<figure class=\"wp-block-image size-large\"><img src=\"https:\/\/www.chiarini.it\/blog\/wp-content\/uploads\/2020\/07\/Christian.jpg\" alt=\"\" class=\"wp-image-240\"\/><\/figure>\n<!-- \/wp:image --><\/div>\n<!-- \/wp:column -->\n\n<!-- wp:column {\"width\":\"66.66%\"} -->\n<div class=\"wp-block-column\" style=\"flex-basis:66.66%\"><!-- wp:paragraph -->\n<p><strong>Christian Marin<\/strong><br>Ex Responsabile commerciale Chiarini &amp; Associati. Dopo esperienze in varie aziende manifatturiere come responsabile della produzione \u00e8 entrato a far parte del team C&amp;A occupandosi di progetti Lean, e poi degli aspetti commerciali e comunicativi della societ\u00e0. Non pi\u00f9 in Chiarini &amp; Associati, collabora comunque con la nostra societ\u00e0 prevalentemente sui temi Industry 4.0<\/p>\n<!-- \/wp:paragraph --><\/div>\n<!-- \/wp:column --><\/div>\n<!-- \/wp:columns -->\n\n<!-- wp:columns -->\n<div class=\"wp-block-columns\"><!-- wp:column {\"width\":\"33.33%\"} -->\n<div class=\"wp-block-column\" style=\"flex-basis:33.33%\"><!-- wp:image {\"id\":202,\"sizeSlug\":\"large\"} -->\n<figure class=\"wp-block-image size-large\"><img src=\"https:\/\/www.chiarini.it\/blog\/wp-content\/uploads\/2020\/06\/PHOTO-2020-05-29-17-32-40-1024x768.jpg\" alt=\"\" class=\"wp-image-202\"\/><\/figure>\n<!-- \/wp:image --><\/div>\n<!-- \/wp:column -->\n\n<!-- wp:column {\"width\":\"66.66%\"} -->\n<div class=\"wp-block-column\" style=\"flex-basis:66.66%\"><!-- wp:paragraph -->\n<p><strong>Veronica Venturi<\/strong><br>Responsabile della formazione in Chiarini &amp; Associati con specializzazione sui finanziamenti per le imprese. Ha seguito progetti fino a 100 mila euro per multinazionali e PMI<\/p>\n<!-- \/wp:paragraph --><\/div>\n<!-- \/wp:column --><\/div>\n<!-- \/wp:columns -->\n\n<!-- wp:columns -->\n<div class=\"wp-block-columns\"><!-- wp:column {\"width\":\"33.33%\"} -->\n<div class=\"wp-block-column\" style=\"flex-basis:33.33%\"><!-- wp:image {\"id\":168,\"sizeSlug\":\"large\"} -->\n<figure class=\"wp-block-image size-large\"><img src=\"https:\/\/www.chiarini.it\/blog\/wp-content\/uploads\/2020\/05\/Teo.png\" alt=\"\" class=\"wp-image-168\"\/><\/figure>\n<!-- \/wp:image --><\/div>\n<!-- \/wp:column -->\n\n<!-- wp:column {\"width\":\"66.66%\"} -->\n<div class=\"wp-block-column\" style=\"flex-basis:66.66%\"><!-- wp:paragraph -->\n<p><strong>Pierfilippo Tebaldi<\/strong><br>Specializzato in Psicologia del lavoro e delle Organizzazioni, Lean Manufacturing e Lean Office. Dal 1999 collabora con numerose aziende italiane e europee come consulente di direzione; tra le tematiche caratterizzanti i suoi interventi ci sono l\u2019HR &amp; Change Management, HR Lean setup and committment, il Customer Care e la Customer Experience, il Marketing sovversivo e la vendita emotiva. Alcune aziende con le quali ha collaborato: TIM, Snam, McDonald\u2019s, Decathlon, Poste Italiane, Lidl, Esselunga<\/p>\n<!-- \/wp:paragraph --><\/div>\n<!-- \/wp:column --><\/div>\n<!-- \/wp:columns -->\n\n<!-- wp:columns -->\n<div class=\"wp-block-columns\"><!-- wp:column {\"width\":\"33.33%\"} -->\n<div class=\"wp-block-column\" style=\"flex-basis:33.33%\"><!-- wp:image {\"align\":\"left\",\"id\":205,\"sizeSlug\":\"large\"} -->\n<figure class=\"wp-block-image alignleft size-large\"><img src=\"https:\/\/www.chiarini.it\/blog\/wp-content\/uploads\/2020\/06\/Barbini.jpg\" alt=\"\" class=\"wp-image-205\"\/><\/figure>\n<!-- \/wp:image --><\/div>\n<!-- \/wp:column -->\n\n<!-- wp:column {\"width\":\"66.66%\"} -->\n<div class=\"wp-block-column\" style=\"flex-basis:66.66%\"><!-- wp:paragraph -->\n<p><strong>Fabio Barbini<\/strong><br>Ha oltre trenta anni di esperienza maturati come&nbsp;Senior Project Manager, Program Manager, PMO Manager e Consulente\/Docente di Project Management.&nbsp;&nbsp;Ha la qualifica Professionale ASSIREP.&nbsp;E' direttore scientifico e docente di alcuni master in Project Management<\/p>\n<!-- \/wp:paragraph --><\/div>\n<!-- \/wp:column --><\/div>\n<!-- \/wp:columns -->\n\n<!-- wp:columns -->\n<div class=\"wp-block-columns\"><!-- wp:column {\"width\":\"33.33%\"} -->\n<div class=\"wp-block-column\" style=\"flex-basis:33.33%\"><!-- wp:image {\"id\":236,\"sizeSlug\":\"large\"} -->\n<figure class=\"wp-block-image size-large\"><img src=\"https:\/\/www.chiarini.it\/blog\/wp-content\/uploads\/2020\/07\/Stefano_Brusa.jpg\" alt=\"\" class=\"wp-image-236\"\/><\/figure>\n<!-- \/wp:image -->\n\n<!-- wp:image {\"align\":\"center\",\"id\":1722,\"width\":201,\"height\":201,\"sizeSlug\":\"full\",\"linkDestination\":\"none\"} -->\n<figure class=\"wp-block-image aligncenter size-full is-resized\"><img src=\"https:\/\/www.chiarini.it\/blog\/wp-content\/uploads\/2022\/02\/Avatar.png\" alt=\"\" class=\"wp-image-1722\" width=\"201\" height=\"201\"\/><\/figure>\n<!-- \/wp:image --><\/div>\n<!-- \/wp:column -->\n\n<!-- wp:column -->\n<div class=\"wp-block-column\"><\/div>\n<!-- \/wp:column -->\n\n<!-- wp:column {\"width\":\"66.66%\"} -->\n<div class=\"wp-block-column\" style=\"flex-basis:66.66%\"><!-- wp:paragraph -->\n<p><strong>Stefano Brusa<\/strong><br>Consulente e formatore sui temi Lean e Design Management. Ha gestito centinaia di workshop kaizen in realt\u00e0 sia manifatturiere sia dei servizi, accompagnando le aziende verso percorsi completi di Lean transformation e di Design Management<\/p>\n<!-- \/wp:paragraph -->\n\n<!-- wp:paragraph -->\n<p><\/p>\n<!-- \/wp:paragraph -->\n\n<!-- wp:paragraph -->\n<p><\/p>\n<!-- \/wp:paragraph -->\n\n<!-- wp:paragraph -->\n<p><\/p>\n<!-- \/wp:paragraph -->\n\n<!-- wp:paragraph -->\n<p><strong>Ivan Marani<\/strong><br>Consulente e formatore sui temi Lean. Ha gestito centinaia di workshop kaizen in realt\u00e0 sia manifatturiere sia dei servizi, accompagnando le aziende verso percorsi completi di Lean transformation<\/p>\n<!-- \/wp:paragraph --><\/div>\n<!-- \/wp:column --><\/div>\n<!-- \/wp:columns -->\n\n<!-- wp:paragraph -->\n<p><\/p>\n<!-- \/wp:paragraph -->","_et_gb_content_width":"","footnotes":""},"class_list":["post-2","page","type-page","status-publish","hentry"],"yoast_head":"<!-- This site is optimized with the Yoast SEO plugin v27.2 - https:\/\/yoast.com\/product\/yoast-seo-wordpress\/ -->\n<title>Autori - Chiarini Blog<\/title>\n<meta name=\"robots\" content=\"index, follow, max-snippet:-1, max-image-preview:large, max-video-preview:-1\" \/>\n<link rel=\"canonical\" href=\"https:\/\/www.chiarini.it\/blog\/autori\/\" \/>\n<meta property=\"og:locale\" content=\"it_IT\" \/>\n<meta property=\"og:type\" content=\"article\" \/>\n<meta property=\"og:title\" content=\"Autori - Chiarini Blog\" \/>\n<meta property=\"og:description\" content=\"Docente universitario presso l&#039;Universit\u00e0 di Verona e l&#039;Universit\u00e0 Bocconi. Senior partner Chiarini &amp; Associati e consulente e formatore di direzione in moltissime realt\u00e0 industriali e della PA italiana. E&#039; stato visiting all&#039;Universit\u00e0 di Cardiff -UK, e all&#039;Universit\u00e0 di Cambridge - UK. Autore di numerosi testi ed articoli internazionali di management. E&#039; associate editor della prestigiosa [&hellip;]\" \/>\n<meta property=\"og:url\" content=\"https:\/\/www.chiarini.it\/blog\/autori\/\" \/>\n<meta property=\"og:site_name\" content=\"Chiarini Blog\" \/>\n<meta property=\"article:modified_time\" content=\"2023-03-08T07:39:40+00:00\" \/>\n<meta name=\"twitter:card\" content=\"summary_large_image\" \/>\n<meta name=\"twitter:label1\" content=\"Tempo di lettura stimato\" \/>\n\t<meta name=\"twitter:data1\" content=\"4 minuti\" \/>\n<script type=\"application\/ld+json\" class=\"yoast-schema-graph\">{\"@context\":\"https:\/\/schema.org\",\"@graph\":[{\"@type\":\"WebPage\",\"@id\":\"https:\/\/www.chiarini.it\/blog\/autori\/\",\"url\":\"https:\/\/www.chiarini.it\/blog\/autori\/\",\"name\":\"Autori - Chiarini Blog\",\"isPartOf\":{\"@id\":\"https:\/\/www.chiarini.it\/blog\/#website\"},\"datePublished\":\"2020-05-15T18:52:43+00:00\",\"dateModified\":\"2023-03-08T07:39:40+00:00\",\"breadcrumb\":{\"@id\":\"https:\/\/www.chiarini.it\/blog\/autori\/#breadcrumb\"},\"inLanguage\":\"it-IT\",\"potentialAction\":[{\"@type\":\"ReadAction\",\"target\":[\"https:\/\/www.chiarini.it\/blog\/autori\/\"]}]},{\"@type\":\"BreadcrumbList\",\"@id\":\"https:\/\/www.chiarini.it\/blog\/autori\/#breadcrumb\",\"itemListElement\":[{\"@type\":\"ListItem\",\"position\":1,\"name\":\"Home\",\"item\":\"https:\/\/www.chiarini.it\/blog\/\"},{\"@type\":\"ListItem\",\"position\":2,\"name\":\"Autori\"}]},{\"@type\":\"WebSite\",\"@id\":\"https:\/\/www.chiarini.it\/blog\/#website\",\"url\":\"https:\/\/www.chiarini.it\/blog\/\",\"name\":\"Chiarini Blog\",\"description\":\"Il blog del Business By Andrea Chiarini\",\"publisher\":{\"@id\":\"https:\/\/www.chiarini.it\/blog\/#organization\"},\"potentialAction\":[{\"@type\":\"SearchAction\",\"target\":{\"@type\":\"EntryPoint\",\"urlTemplate\":\"https:\/\/www.chiarini.it\/blog\/?s={search_term_string}\"},\"query-input\":{\"@type\":\"PropertyValueSpecification\",\"valueRequired\":true,\"valueName\":\"search_term_string\"}}],\"inLanguage\":\"it-IT\"},{\"@type\":\"Organization\",\"@id\":\"https:\/\/www.chiarini.it\/blog\/#organization\",\"name\":\"Chiarini e Associati\",\"url\":\"https:\/\/www.chiarini.it\/blog\/\",\"logo\":{\"@type\":\"ImageObject\",\"inLanguage\":\"it-IT\",\"@id\":\"https:\/\/www.chiarini.it\/blog\/#\/schema\/logo\/image\/\",\"url\":\"https:\/\/www.chiarini.it\/blog\/wp-content\/uploads\/2020\/05\/logo.png\",\"contentUrl\":\"https:\/\/www.chiarini.it\/blog\/wp-content\/uploads\/2020\/05\/logo.png\",\"width\":143,\"height\":64,\"caption\":\"Chiarini e Associati\"},\"image\":{\"@id\":\"https:\/\/www.chiarini.it\/blog\/#\/schema\/logo\/image\/\"}}]}<\/script>\n<!-- \/ Yoast SEO plugin. -->","yoast_head_json":{"title":"Autori - Chiarini Blog","robots":{"index":"index","follow":"follow","max-snippet":"max-snippet:-1","max-image-preview":"max-image-preview:large","max-video-preview":"max-video-preview:-1"},"canonical":"https:\/\/www.chiarini.it\/blog\/autori\/","og_locale":"it_IT","og_type":"article","og_title":"Autori - Chiarini Blog","og_description":"Docente universitario presso l'Universit\u00e0 di Verona e l'Universit\u00e0 Bocconi. Senior partner Chiarini &amp; Associati e consulente e formatore di direzione in moltissime realt\u00e0 industriali e della PA italiana. E' stato visiting all'Universit\u00e0 di Cardiff -UK, e all'Universit\u00e0 di Cambridge - UK. Autore di numerosi testi ed articoli internazionali di management. E' associate editor della prestigiosa [&hellip;]","og_url":"https:\/\/www.chiarini.it\/blog\/autori\/","og_site_name":"Chiarini Blog","article_modified_time":"2023-03-08T07:39:40+00:00","twitter_card":"summary_large_image","twitter_misc":{"Tempo di lettura stimato":"4 minuti"},"schema":{"@context":"https:\/\/schema.org","@graph":[{"@type":"WebPage","@id":"https:\/\/www.chiarini.it\/blog\/autori\/","url":"https:\/\/www.chiarini.it\/blog\/autori\/","name":"Autori - Chiarini Blog","isPartOf":{"@id":"https:\/\/www.chiarini.it\/blog\/#website"},"datePublished":"2020-05-15T18:52:43+00:00","dateModified":"2023-03-08T07:39:40+00:00","breadcrumb":{"@id":"https:\/\/www.chiarini.it\/blog\/autori\/#breadcrumb"},"inLanguage":"it-IT","potentialAction":[{"@type":"ReadAction","target":["https:\/\/www.chiarini.it\/blog\/autori\/"]}]},{"@type":"BreadcrumbList","@id":"https:\/\/www.chiarini.it\/blog\/autori\/#breadcrumb","itemListElement":[{"@type":"ListItem","position":1,"name":"Home","item":"https:\/\/www.chiarini.it\/blog\/"},{"@type":"ListItem","position":2,"name":"Autori"}]},{"@type":"WebSite","@id":"https:\/\/www.chiarini.it\/blog\/#website","url":"https:\/\/www.chiarini.it\/blog\/","name":"Chiarini Blog","description":"Il blog del Business By Andrea Chiarini","publisher":{"@id":"https:\/\/www.chiarini.it\/blog\/#organization"},"potentialAction":[{"@type":"SearchAction","target":{"@type":"EntryPoint","urlTemplate":"https:\/\/www.chiarini.it\/blog\/?s={search_term_string}"},"query-input":{"@type":"PropertyValueSpecification","valueRequired":true,"valueName":"search_term_string"}}],"inLanguage":"it-IT"},{"@type":"Organization","@id":"https:\/\/www.chiarini.it\/blog\/#organization","name":"Chiarini e Associati","url":"https:\/\/www.chiarini.it\/blog\/","logo":{"@type":"ImageObject","inLanguage":"it-IT","@id":"https:\/\/www.chiarini.it\/blog\/#\/schema\/logo\/image\/","url":"https:\/\/www.chiarini.it\/blog\/wp-content\/uploads\/2020\/05\/logo.png","contentUrl":"https:\/\/www.chiarini.it\/blog\/wp-content\/uploads\/2020\/05\/logo.png","width":143,"height":64,"caption":"Chiarini e Associati"},"image":{"@id":"https:\/\/www.chiarini.it\/blog\/#\/schema\/logo\/image\/"}}]}},"_links":{"self":[{"href":"https:\/\/www.chiarini.it\/blog\/wp-json\/wp\/v2\/pages\/2","targetHints":{"allow":["GET"]}}],"collection":[{"href":"https:\/\/www.chiarini.it\/blog\/wp-json\/wp\/v2\/pages"}],"about":[{"href":"https:\/\/www.chiarini.it\/blog\/wp-json\/wp\/v2\/types\/page"}],"author":[{"embeddable":true,"href":"https:\/\/www.chiarini.it\/blog\/wp-json\/wp\/v2\/users\/2"}],"replies":[{"embeddable":true,"href":"https:\/\/www.chiarini.it\/blog\/wp-json\/wp\/v2\/comments?post=2"}],"version-history":[{"count":50,"href":"https:\/\/www.chiarini.it\/blog\/wp-json\/wp\/v2\/pages\/2\/revisions"}],"predecessor-version":[{"id":2361,"href":"https:\/\/www.chiarini.it\/blog\/wp-json\/wp\/v2\/pages\/2\/revisions\/2361"}],"wp:attachment":[{"href":"https:\/\/www.chiarini.it\/blog\/wp-json\/wp\/v2\/media?parent=2"}],"curies":[{"name":"wp","href":"https:\/\/api.w.org\/{rel}","templated":true}]}}